{"id":420,"date":"2024-08-07T12:14:16","date_gmt":"2024-08-07T10:14:16","guid":{"rendered":"https:\/\/gestorianm.es\/tax-and-accounting-consultancy-in-tenerife\/"},"modified":"2025-02-27T12:07:16","modified_gmt":"2025-02-27T11:07:16","slug":"tax-and-accounting-consultancy-in-tenerife","status":"publish","type":"page","link":"https:\/\/gestorianm.es\/en\/","title":{"rendered":"Tax and accounting consultancy in Tenerife"},"content":{"rendered":"\t\t<div data-elementor-type=\"wp-page\" data-elementor-id=\"420\" class=\"elementor elementor-420 elementor-69\" data-elementor-post-type=\"page\">\n\t\t\t\t<div class=\"elementor-element elementor-element-a9f7918 e-con-full e-flex e-con e-parent\" data-id=\"a9f7918\" data-element_type=\"container\" data-e-type=\"container\" data-settings=\"{&quot;background_background&quot;:&quot;classic&quot;}\">\n\t\t<div class=\"elementor-element elementor-element-69bb8fd e-con-full e-flex e-con e-child\" data-id=\"69bb8fd\" data-element_type=\"container\" data-e-type=\"container\" data-settings=\"{&quot;background_background&quot;:&quot;classic&quot;}\">\n\t\t<div class=\"elementor-element elementor-element-450ebd0 e-con-full e-flex e-con e-child\" data-id=\"450ebd0\" data-element_type=\"container\" data-e-type=\"container\">\n\t\t\t\t<div class=\"elementor-element elementor-element-f092b7b elementor-widget__width-initial elementor-widget elementor-widget-heading\" data-id=\"f092b7b\" data-element_type=\"widget\" data-e-type=\"widget\" data-widget_type=\"heading.default\">\n\t\t\t\t<div class=\"elementor-widget-container\">\n\t\t\t\t\t<h1 class=\"elementor-heading-title elementor-size-default\">Tax and accounting consultancy in Tenerife<\/h1>\t\t\t\t<\/div>\n\t\t\t\t<\/div>\n\t\t\t\t<div class=\"elementor-element elementor-element-914cd45 elementor-widget__width-initial elementor-icon-list--layout-traditional elementor-list-item-link-full_width elementor-widget elementor-widget-icon-list\" data-id=\"914cd45\" data-element_type=\"widget\" data-e-type=\"widget\" data-widget_type=\"icon-list.default\">\n\t\t\t\t<div class=\"elementor-widget-container\">\n\t\t\t\t\t\t\t<ul class=\"elementor-icon-list-items\">\n\t\t\t\t\t\t\t<li class=\"elementor-icon-list-item\">\n\t\t\t\t\t\t\t\t\t\t\t<span class=\"elementor-icon-list-icon\">\n\t\t\t\t\t\t\t<svg aria-hidden=\"true\" class=\"e-font-icon-svg e-fas-angle-right\" viewBox=\"0 0 256 512\" xmlns=\"http:\/\/www.w3.org\/2000\/svg\"><path d=\"M224.3 273l-136 136c-9.4 9.4-24.6 9.4-33.9 0l-22.6-22.6c-9.4-9.4-9.4-24.6 0-33.9l96.4-96.4-96.4-96.4c-9.4-9.4-9.4-24.6 0-33.9L54.3 103c9.4-9.4 24.6-9.4 33.9 0l136 136c9.5 9.4 9.5 24.6.1 34z\"><\/path><\/svg>\t\t\t\t\t\t<\/span>\n\t\t\t\t\t\t\t\t\t\t<span class=\"elementor-icon-list-text\">More than 10 years of experience as a tax and accounting consultant and advisor.<\/span>\n\t\t\t\t\t\t\t\t\t<\/li>\n\t\t\t\t\t\t\t\t<li class=\"elementor-icon-list-item\">\n\t\t\t\t\t\t\t\t\t\t\t<span class=\"elementor-icon-list-icon\">\n\t\t\t\t\t\t\t<svg aria-hidden=\"true\" class=\"e-font-icon-svg e-fas-angle-right\" viewBox=\"0 0 256 512\" xmlns=\"http:\/\/www.w3.org\/2000\/svg\"><path d=\"M224.3 273l-136 136c-9.4 9.4-24.6 9.4-33.9 0l-22.6-22.6c-9.4-9.4-9.4-24.6 0-33.9l96.4-96.4-96.4-96.4c-9.4-9.4-9.4-24.6 0-33.9L54.3 103c9.4-9.4 24.6-9.4 33.9 0l136 136c9.5 9.4 9.5 24.6.1 34z\"><\/path><\/svg>\t\t\t\t\t\t<\/span>\n\t\t\t\t\t\t\t\t\t\t<span class=\"elementor-icon-list-text\">Degree in Business Administration and Management<\/span>\n\t\t\t\t\t\t\t\t\t<\/li>\n\t\t\t\t\t\t\t\t<li class=\"elementor-icon-list-item\">\n\t\t\t\t\t\t\t\t\t\t\t<span class=\"elementor-icon-list-icon\">\n\t\t\t\t\t\t\t<svg aria-hidden=\"true\" class=\"e-font-icon-svg e-fas-angle-right\" viewBox=\"0 0 256 512\" xmlns=\"http:\/\/www.w3.org\/2000\/svg\"><path d=\"M224.3 273l-136 136c-9.4 9.4-24.6 9.4-33.9 0l-22.6-22.6c-9.4-9.4-9.4-24.6 0-33.9l96.4-96.4-96.4-96.4c-9.4-9.4-9.4-24.6 0-33.9L54.3 103c9.4-9.4 24.6-9.4 33.9 0l136 136c9.5 9.4 9.5 24.6.1 34z\"><\/path><\/svg>\t\t\t\t\t\t<\/span>\n\t\t\t\t\t\t\t\t\t\t<span class=\"elementor-icon-list-text\">Master's Degree in Business Taxation from Universidad del Atl\u00e1ntico Medio.<\/span>\n\t\t\t\t\t\t\t\t\t<\/li>\n\t\t\t\t\t\t<\/ul>\n\t\t\t\t\t\t<\/div>\n\t\t\t\t<\/div>\n\t\t\t\t<div class=\"elementor-element elementor-element-0066923 elementor-widget elementor-widget-button\" data-id=\"0066923\" data-element_type=\"widget\" data-e-type=\"widget\" data-widget_type=\"button.default\">\n\t\t\t\t<div class=\"elementor-widget-container\">\n\t\t\t\t\t\t\t\t\t<div class=\"elementor-button-wrapper\">\n\t\t\t\t\t<a class=\"elementor-button elementor-button-link elementor-size-sm\" href=\"https:\/\/gestorianm.es\/en\/contact\/\">\n\t\t\t\t\t\t<span class=\"elementor-button-content-wrapper\">\n\t\t\t\t\t\t\t\t\t<span class=\"elementor-button-text\">Contact with us<\/span>\n\t\t\t\t\t<\/span>\n\t\t\t\t\t<\/a>\n\t\t\t\t<\/div>\n\t\t\t\t\t\t\t\t<\/div>\n\t\t\t\t<\/div>\n\t\t\t\t<\/div>\n\t\t\t\t<\/div>\n\t\t\t\t<div class=\"elementor-element elementor-element-8a36535 elementor-widget__width-inherit elementor-widget elementor-widget-image\" data-id=\"8a36535\" data-element_type=\"widget\" data-e-type=\"widget\" data-widget_type=\"image.default\">\n\t\t\t\t<div class=\"elementor-widget-container\">\n\t\t\t\t\t\t\t\t\t\t\t\t\t\t\t<img fetchpriority=\"high\" decoding=\"async\" width=\"1200\" height=\"801\" src=\"https:\/\/gestorianm.es\/wp-content\/uploads\/2024\/09\/gestoria-nunez-mata.jpg\" class=\"attachment-1536x1536 size-1536x1536 wp-image-404\" alt=\"\" srcset=\"https:\/\/gestorianm.es\/wp-content\/uploads\/2024\/09\/gestoria-nunez-mata.jpg 1200w, https:\/\/gestorianm.es\/wp-content\/uploads\/2024\/09\/gestoria-nunez-mata-300x200.jpg 300w, https:\/\/gestorianm.es\/wp-content\/uploads\/2024\/09\/gestoria-nunez-mata-1024x684.jpg 1024w, https:\/\/gestorianm.es\/wp-content\/uploads\/2024\/09\/gestoria-nunez-mata-768x513.jpg 768w\" sizes=\"(max-width: 1200px) 100vw, 1200px\" \/>\t\t\t\t\t\t\t\t\t\t\t\t\t\t\t<\/div>\n\t\t\t\t<\/div>\n\t\t\t\t<\/div>\n\t\t<div class=\"elementor-element elementor-element-f22534f e-flex e-con-boxed e-con e-parent\" data-id=\"f22534f\" data-element_type=\"container\" data-e-type=\"container\">\n\t\t\t\t\t<div class=\"e-con-inner\">\n\t\t\t\t<div class=\"elementor-element elementor-element-eb45a30 elementor-widget__width-initial elementor-cta--skin-classic elementor-animated-content elementor-widget elementor-widget-call-to-action\" data-id=\"eb45a30\" data-element_type=\"widget\" data-e-type=\"widget\" data-widget_type=\"call-to-action.default\">\n\t\t\t\t<div class=\"elementor-widget-container\">\n\t\t\t\t\t\t\t<div class=\"elementor-cta\">\n\t\t\t\t\t<div class=\"elementor-cta__bg-wrapper\">\n\t\t\t\t<div class=\"elementor-cta__bg elementor-bg\" style=\"background-image: url(https:\/\/gestorianm.es\/wp-content\/uploads\/2024\/09\/asesoria-alta-empresas-Tenerife-1024x683.webp);\" role=\"img\" aria-label=\"asesoria alta empresas Tenerife\"><\/div>\n\t\t\t\t<div class=\"elementor-cta__bg-overlay\"><\/div>\n\t\t\t<\/div>\n\t\t\t\t\t\t\t<div class=\"elementor-cta__content\">\n\t\t\t\t\n\t\t\t\t\t\t\t\t\t<h2 class=\"elementor-cta__title elementor-cta__content-item elementor-content-item\">\n\t\t\t\t\t\tCreation of companies\t\t\t\t\t<\/h2>\n\t\t\t\t\n\t\t\t\t\t\t\t\t\t<div class=\"elementor-cta__description elementor-cta__content-item elementor-content-item\">\n\t\t\t\t\t\t<p>We advise you throughout the process of creating a company, with all the procedures and bureaucracy involved.<\/p>\n\t\t\t\t\t<\/div>\n\t\t\t\t\n\t\t\t\t\t\t\t<\/div>\n\t\t\t\t\t\t<\/div>\n\t\t\t\t\t\t<\/div>\n\t\t\t\t<\/div>\n\t\t\t\t<div class=\"elementor-element elementor-element-b1eeb95 elementor-widget__width-initial elementor-cta--skin-classic elementor-animated-content elementor-widget elementor-widget-call-to-action\" data-id=\"b1eeb95\" data-element_type=\"widget\" data-e-type=\"widget\" data-widget_type=\"call-to-action.default\">\n\t\t\t\t<div class=\"elementor-widget-container\">\n\t\t\t\t\t\t\t<div class=\"elementor-cta\">\n\t\t\t\t\t<div class=\"elementor-cta__bg-wrapper\">\n\t\t\t\t<div class=\"elementor-cta__bg elementor-bg\" style=\"background-image: url(https:\/\/gestorianm.es\/wp-content\/uploads\/2024\/09\/presentacion-alta-autonomos-asesoria-Tenerife-1024x683.webp);\" role=\"img\" aria-label=\"presentacion alta autonomos asesoria Tenerife\"><\/div>\n\t\t\t\t<div class=\"elementor-cta__bg-overlay\"><\/div>\n\t\t\t<\/div>\n\t\t\t\t\t\t\t<div class=\"elementor-cta__content\">\n\t\t\t\t\n\t\t\t\t\t\t\t\t\t<h2 class=\"elementor-cta__title elementor-cta__content-item elementor-content-item\">\n\t\t\t\t\t\tSelf-Employment Registration\t\t\t\t\t<\/h2>\n\t\t\t\t\n\t\t\t\t\t\t\t\t\t<div class=\"elementor-cta__description elementor-cta__content-item elementor-content-item\">\n\t\t\t\t\t\t<p>We guide you through the process of registering as self-employed and the presentation of all the forms and initial formalities so that you can have everything in order and start your activity.<\/p>\n\t\t\t\t\t<\/div>\n\t\t\t\t\n\t\t\t\t\t\t\t<\/div>\n\t\t\t\t\t\t<\/div>\n\t\t\t\t\t\t<\/div>\n\t\t\t\t<\/div>\n\t\t\t\t<div class=\"elementor-element elementor-element-83a32bb elementor-widget__width-initial elementor-cta--skin-classic elementor-animated-content elementor-widget elementor-widget-call-to-action\" data-id=\"83a32bb\" data-element_type=\"widget\" data-e-type=\"widget\" data-widget_type=\"call-to-action.default\">\n\t\t\t\t<div class=\"elementor-widget-container\">\n\t\t\t\t\t\t\t<div class=\"elementor-cta\">\n\t\t\t\t\t<div class=\"elementor-cta__bg-wrapper\">\n\t\t\t\t<div class=\"elementor-cta__bg elementor-bg\" style=\"background-image: url(https:\/\/gestorianm.es\/wp-content\/uploads\/2024\/09\/Presentacion-modelos-tributarios-asesoria-Tenerife-1024x684.webp);\" role=\"img\" aria-label=\"Presentacion modelos tributarios asesoria Tenerife\"><\/div>\n\t\t\t\t<div class=\"elementor-cta__bg-overlay\"><\/div>\n\t\t\t<\/div>\n\t\t\t\t\t\t\t<div class=\"elementor-cta__content\">\n\t\t\t\t\n\t\t\t\t\t\t\t\t\t<h2 class=\"elementor-cta__title elementor-cta__content-item elementor-content-item\">\n\t\t\t\t\t\tQuarterly and annual tax forms\t\t\t\t\t<\/h2>\n\t\t\t\t\n\t\t\t\t\t\t\t\t\t<div class=\"elementor-cta__description elementor-cta__content-item elementor-content-item\">\n\t\t\t\t\t\t<p>We take care of the filing of quarterly and annual mandatory taxes, so that you do not have any surprises or errors with the Treasury.<\/p>\n\t\t\t\t\t<\/div>\n\t\t\t\t\n\t\t\t\t\t\t\t<\/div>\n\t\t\t\t\t\t<\/div>\n\t\t\t\t\t\t<\/div>\n\t\t\t\t<\/div>\n\t\t\t\t\t<\/div>\n\t\t\t\t<\/div>\n\t\t<div class=\"elementor-element elementor-element-124b75c e-flex e-con-boxed e-con e-parent\" data-id=\"124b75c\" data-element_type=\"container\" data-e-type=\"container\" data-settings=\"{&quot;background_background&quot;:&quot;classic&quot;}\">\n\t\t\t\t\t<div class=\"e-con-inner\">\n\t\t\t\t<div class=\"elementor-element elementor-element-dde447c elementor-widget elementor-widget-heading\" data-id=\"dde447c\" data-element_type=\"widget\" data-e-type=\"widget\" data-widget_type=\"heading.default\">\n\t\t\t\t<div class=\"elementor-widget-container\">\n\t\t\t\t\t<h1 class=\"elementor-heading-title elementor-size-default\">Who we are<\/h1>\t\t\t\t<\/div>\n\t\t\t\t<\/div>\n\t\t\t\t<div class=\"elementor-element elementor-element-342171f elementor-widget__width-initial elementor-widget elementor-widget-text-editor\" data-id=\"342171f\" data-element_type=\"widget\" data-e-type=\"widget\" data-widget_type=\"text-editor.default\">\n\t\t\t\t<div class=\"elementor-widget-container\">\n\t\t\t\t\t\t\t\t\t<p>Our commitment is to be able to help you and attend to your needs in the closest possible way, with a personalized treatment and where you can count on us as one more member of your trustworthy team to help you in the areas in which we specialize.<\/p>\n\t\t\t\t\t\t\t\t<\/div>\n\t\t\t\t<\/div>\n\t\t\t\t\t<\/div>\n\t\t\t\t<\/div>\n\t\t<div class=\"elementor-element elementor-element-458cfb9 e-flex e-con-boxed e-con e-parent\" data-id=\"458cfb9\" data-element_type=\"container\" data-e-type=\"container\" data-settings=\"{&quot;background_background&quot;:&quot;classic&quot;}\">\n\t\t\t\t\t<div class=\"e-con-inner\">\n\t\t<div class=\"elementor-element elementor-element-7a6f610 e-con-full e-flex e-con e-child\" data-id=\"7a6f610\" data-element_type=\"container\" data-e-type=\"container\">\n\t\t\t\t<div class=\"elementor-element elementor-element-e43cddb elementor-widget elementor-widget-image\" data-id=\"e43cddb\" data-element_type=\"widget\" data-e-type=\"widget\" data-widget_type=\"image.default\">\n\t\t\t\t<div class=\"elementor-widget-container\">\n\t\t\t\t\t\t\t\t\t\t\t\t\t\t\t<img decoding=\"async\" width=\"684\" height=\"1024\" src=\"https:\/\/gestorianm.es\/wp-content\/uploads\/2024\/08\/David-gestoria-nunez-mata-tenerife-684x1024.webp\" class=\"attachment-large size-large wp-image-401\" alt=\"\" srcset=\"https:\/\/gestorianm.es\/wp-content\/uploads\/2024\/08\/David-gestoria-nunez-mata-tenerife-684x1024.webp 684w, https:\/\/gestorianm.es\/wp-content\/uploads\/2024\/08\/David-gestoria-nunez-mata-tenerife-200x300.webp 200w, https:\/\/gestorianm.es\/wp-content\/uploads\/2024\/08\/David-gestoria-nunez-mata-tenerife-768x1151.webp 768w, https:\/\/gestorianm.es\/wp-content\/uploads\/2024\/08\/David-gestoria-nunez-mata-tenerife.webp 801w\" sizes=\"(max-width: 684px) 100vw, 684px\" \/>\t\t\t\t\t\t\t\t\t\t\t\t\t\t\t<\/div>\n\t\t\t\t<\/div>\n\t\t\t\t<div class=\"elementor-element elementor-element-96baa81 elementor-widget elementor-widget-heading\" data-id=\"96baa81\" data-element_type=\"widget\" data-e-type=\"widget\" data-widget_type=\"heading.default\">\n\t\t\t\t<div class=\"elementor-widget-container\">\n\t\t\t\t\t<h2 class=\"elementor-heading-title elementor-size-default\">Antonio David N\u00fa\u00f1ez Mata<\/h2>\t\t\t\t<\/div>\n\t\t\t\t<\/div>\n\t\t\t\t<div class=\"elementor-element elementor-element-3334aa8 elementor-widget elementor-widget-text-editor\" data-id=\"3334aa8\" data-element_type=\"widget\" data-e-type=\"widget\" data-widget_type=\"text-editor.default\">\n\t\t\t\t<div class=\"elementor-widget-container\">\n\t\t\t\t\t\t\t\t\t<p><span style=\"font-weight: 400;\">Degree in Business Administration and Management, Master in Business Taxation from Universidad del Atl\u00e1ntico Medio, and Registered Manager No. 406.<\/span><\/p>\n\t\t\t\t\t\t\t\t<\/div>\n\t\t\t\t<\/div>\n\t\t\t\t<\/div>\n\t\t<div class=\"elementor-element elementor-element-f4e7eea e-con-full e-flex e-con e-child\" data-id=\"f4e7eea\" data-element_type=\"container\" data-e-type=\"container\">\n\t\t\t\t<div class=\"elementor-element elementor-element-28e67fd elementor-widget elementor-widget-image\" data-id=\"28e67fd\" data-element_type=\"widget\" data-e-type=\"widget\" data-widget_type=\"image.default\">\n\t\t\t\t<div class=\"elementor-widget-container\">\n\t\t\t\t\t\t\t\t\t\t\t\t\t\t\t<img decoding=\"async\" width=\"684\" height=\"1024\" src=\"https:\/\/gestorianm.es\/wp-content\/uploads\/2024\/08\/gestoria-nunez-mata-tenerife-684x1024.webp\" class=\"attachment-large size-large wp-image-402\" alt=\"\" srcset=\"https:\/\/gestorianm.es\/wp-content\/uploads\/2024\/08\/gestoria-nunez-mata-tenerife-684x1024.webp 684w, https:\/\/gestorianm.es\/wp-content\/uploads\/2024\/08\/gestoria-nunez-mata-tenerife-768x1151.webp 768w\" sizes=\"(max-width: 684px) 100vw, 684px\" \/>\t\t\t\t\t\t\t\t\t\t\t\t\t\t\t<\/div>\n\t\t\t\t<\/div>\n\t\t\t\t<div class=\"elementor-element elementor-element-3d5e0bc elementor-widget elementor-widget-heading\" data-id=\"3d5e0bc\" data-element_type=\"widget\" data-e-type=\"widget\" data-widget_type=\"heading.default\">\n\t\t\t\t<div class=\"elementor-widget-container\">\n\t\t\t\t\t<h2 class=\"elementor-heading-title elementor-size-default\">Montserrat Hilario Delgado<\/h2>\t\t\t\t<\/div>\n\t\t\t\t<\/div>\n\t\t\t\t<\/div>\n\t\t\t\t\t<\/div>\n\t\t\t\t<\/div>\n\t\t<div class=\"elementor-element elementor-element-c6e50a5 e-flex e-con-boxed e-con e-parent\" data-id=\"c6e50a5\" data-element_type=\"container\" data-e-type=\"container\">\n\t\t\t\t\t<div class=\"e-con-inner\">\n\t\t\t\t<div class=\"elementor-element elementor-element-7319319 elementor-widget elementor-widget-heading\" data-id=\"7319319\" data-element_type=\"widget\" data-e-type=\"widget\" data-widget_type=\"heading.default\">\n\t\t\t\t<div class=\"elementor-widget-container\">\n\t\t\t\t\t<h2 class=\"elementor-heading-title elementor-size-default\">Satisfied customers<\/h2>\t\t\t\t<\/div>\n\t\t\t\t<\/div>\n\t\t\t\t<div class=\"elementor-element elementor-element-ec1c16b elementor-testimonial--skin-default elementor-testimonial--layout-image_inline elementor-testimonial--align-center elementor-arrows-yes elementor-pagination-type-bullets elementor-widget elementor-widget-testimonial-carousel\" data-id=\"ec1c16b\" data-element_type=\"widget\" data-e-type=\"widget\" data-settings=\"{&quot;show_arrows&quot;:&quot;yes&quot;,&quot;pagination&quot;:&quot;bullets&quot;,&quot;speed&quot;:500,&quot;autoplay&quot;:&quot;yes&quot;,&quot;autoplay_speed&quot;:5000,&quot;loop&quot;:&quot;yes&quot;,&quot;pause_on_hover&quot;:&quot;yes&quot;,&quot;pause_on_interaction&quot;:&quot;yes&quot;,&quot;space_between&quot;:{&quot;unit&quot;:&quot;px&quot;,&quot;size&quot;:10,&quot;sizes&quot;:[]},&quot;space_between_tablet&quot;:{&quot;unit&quot;:&quot;px&quot;,&quot;size&quot;:10,&quot;sizes&quot;:[]},&quot;space_between_mobile&quot;:{&quot;unit&quot;:&quot;px&quot;,&quot;size&quot;:10,&quot;sizes&quot;:[]}}\" data-widget_type=\"testimonial-carousel.default\">\n\t\t\t\t<div class=\"elementor-widget-container\">\n\t\t\t\t\t\t\t\t\t<div class=\"elementor-swiper\">\n\t\t\t\t\t<div class=\"elementor-main-swiper swiper\" role=\"region\" aria-roledescription=\"carousel\" aria-label=\"Diapositivas\">\n\t\t\t\t<div class=\"swiper-wrapper\">\n\t\t\t\t\t\t\t\t\t\t\t<div class=\"swiper-slide\" role=\"group\" aria-roledescription=\"slide\">\n\t\t\t\t\t\t\t\t\t<div class=\"elementor-testimonial\">\n\t\t\t\t\t\t\t<div class=\"elementor-testimonial__content\">\n\t\t\t\t\t<div class=\"elementor-testimonial__text\">\n\t\t\t\t\t\t<p>Very attentive and friendly, David attended me very quickly, he is a great professional, without any doubt I will return to make other arrangements, totally recommended.<\/p>\n\t\t\t\t\t<\/div>\n\t\t\t\t\t\t\t\t\t<\/div>\n\t\t\t\t\t\t<div class=\"elementor-testimonial__footer\">\n\t\t\t\t\t\t\t\t<cite class=\"elementor-testimonial__cite\"><span class=\"elementor-testimonial__name\">Miguel Angel G.M.<\/span><span class=\"elementor-testimonial__title\">Google Review<\/span><\/cite>\t\t\t<\/div>\n\t\t<\/div>\n\t\t\t\t\t\t\t\t<\/div>\n\t\t\t\t\t\t\t\t\t\t\t<div class=\"swiper-slide\" role=\"group\" aria-roledescription=\"slide\">\n\t\t\t\t\t\t\t\t\t<div class=\"elementor-testimonial\">\n\t\t\t\t\t\t\t<div class=\"elementor-testimonial__content\">\n\t\t\t\t\t<div class=\"elementor-testimonial__text\">\n\t\t\t\t\t\t<p>Very professional and fast in the whole process of a vehicle transfer. In 3 days everything was done.<\/p>\n\t\t\t\t\t<\/div>\n\t\t\t\t\t\t\t\t\t<\/div>\n\t\t\t\t\t\t<div class=\"elementor-testimonial__footer\">\n\t\t\t\t\t\t\t\t<cite class=\"elementor-testimonial__cite\"><span class=\"elementor-testimonial__name\">Javi de la Rosa<\/span><span class=\"elementor-testimonial__title\">Google Review.<\/span><\/cite>\t\t\t<\/div>\n\t\t<\/div>\n\t\t\t\t\t\t\t\t<\/div>\n\t\t\t\t\t\t\t\t\t\t\t<div class=\"swiper-slide\" role=\"group\" aria-roledescription=\"slide\">\n\t\t\t\t\t\t\t\t\t<div class=\"elementor-testimonial\">\n\t\t\t\t\t\t\t<div class=\"elementor-testimonial__content\">\n\t\t\t\t\t<div class=\"elementor-testimonial__text\">\n\t\t\t\t\t\t<p>Good treatment, super fast and helpful and one of the most economical that I have known a discovery for vehicle transfers highly recommended.<\/p>\n\t\t\t\t\t<\/div>\n\t\t\t\t\t\t\t\t\t<\/div>\n\t\t\t\t\t\t<div class=\"elementor-testimonial__footer\">\n\t\t\t\t\t\t\t\t<cite class=\"elementor-testimonial__cite\"><span class=\"elementor-testimonial__name\">Fran R.<\/span><span class=\"elementor-testimonial__title\">Google Review<\/span><\/cite>\t\t\t<\/div>\n\t\t<\/div>\n\t\t\t\t\t\t\t\t<\/div>\n\t\t\t\t\t\t\t\t\t<\/div>\n\t\t\t\t\t\t\t\t\t\t\t\t\t\t\t<div class=\"elementor-swiper-button elementor-swiper-button-prev\" role=\"button\" tabindex=\"0\" aria-label=\"Previous\">\n\t\t\t\t\t\t\t<svg aria-hidden=\"true\" class=\"e-font-icon-svg e-eicon-chevron-left\" viewBox=\"0 0 1000 1000\" xmlns=\"http:\/\/www.w3.org\/2000\/svg\"><path d=\"M646 125C629 125 613 133 604 142L308 442C296 454 292 471 292 487 292 504 296 521 308 533L604 854C617 867 629 875 646 875 663 875 679 871 692 858 704 846 713 829 713 812 713 796 708 779 692 767L438 487 692 225C700 217 708 204 708 187 708 171 704 154 692 142 675 129 663 125 646 125Z\"><\/path><\/svg>\t\t\t\t\t\t<\/div>\n\t\t\t\t\t\t<div class=\"elementor-swiper-button elementor-swiper-button-next\" role=\"button\" tabindex=\"0\" aria-label=\"Next\">\n\t\t\t\t\t\t\t<svg aria-hidden=\"true\" class=\"e-font-icon-svg e-eicon-chevron-right\" viewBox=\"0 0 1000 1000\" xmlns=\"http:\/\/www.w3.org\/2000\/svg\"><path d=\"M696 533C708 521 713 504 713 487 713 471 708 454 696 446L400 146C388 133 375 125 354 125 338 125 325 129 313 142 300 154 292 171 292 187 292 204 296 221 308 233L563 492 304 771C292 783 288 800 288 817 288 833 296 850 308 863 321 871 338 875 354 875 371 875 388 867 400 854L696 533Z\"><\/path><\/svg>\t\t\t\t\t\t<\/div>\n\t\t\t\t\t\t\t\t\t\t\t\t\t\t\t\t<div class=\"swiper-pagination\"><\/div>\n\t\t\t\t\t\t\t\t\t\t\t\t<\/div>\n\t\t\t\t<\/div>\n\t\t\t\t\t\t\t\t<\/div>\n\t\t\t\t<\/div>\n\t\t\t\t\t<\/div>\n\t\t\t\t<\/div>\n\t\t<div class=\"elementor-element elementor-element-d7f9da3 e-flex e-con-boxed e-con e-parent\" data-id=\"d7f9da3\" data-element_type=\"container\" data-e-type=\"container\">\n\t\t\t\t\t<div class=\"e-con-inner\">\n\t\t\t\t<div class=\"elementor-element elementor-element-eced80f elementor-widget elementor-widget-heading\" data-id=\"eced80f\" data-element_type=\"widget\" data-e-type=\"widget\" data-widget_type=\"heading.default\">\n\t\t\t\t<div class=\"elementor-widget-container\">\n\t\t\t\t\t<h1 class=\"elementor-heading-title elementor-size-default\">Other services we can offer you<\/h1>\t\t\t\t<\/div>\n\t\t\t\t<\/div>\n\t\t\t\t\t<\/div>\n\t\t\t\t<\/div>\n\t\t<div class=\"elementor-element elementor-element-ba0872f e-flex e-con-boxed e-con e-parent\" data-id=\"ba0872f\" data-element_type=\"container\" data-e-type=\"container\">\n\t\t\t\t\t<div class=\"e-con-inner\">\n\t\t\t\t<div class=\"elementor-element elementor-element-3c3d2a6 elementor-widget__width-initial elementor-cta--skin-classic elementor-animated-content elementor-widget elementor-widget-call-to-action\" data-id=\"3c3d2a6\" data-element_type=\"widget\" data-e-type=\"widget\" data-widget_type=\"call-to-action.default\">\n\t\t\t\t<div class=\"elementor-widget-container\">\n\t\t\t\t\t\t\t<div class=\"elementor-cta\">\n\t\t\t\t\t<div class=\"elementor-cta__bg-wrapper\">\n\t\t\t\t<div class=\"elementor-cta__bg elementor-bg\" style=\"background-image: url(https:\/\/gestorianm.es\/wp-content\/uploads\/2024\/09\/matriculacion-coches-Tenerife-1024x683.webp);\" role=\"img\" aria-label=\"matriculacion coches Tenerife\"><\/div>\n\t\t\t\t<div class=\"elementor-cta__bg-overlay\"><\/div>\n\t\t\t<\/div>\n\t\t\t\t\t\t\t<div class=\"elementor-cta__content\">\n\t\t\t\t\n\t\t\t\t\t\t\t\t\t<h2 class=\"elementor-cta__title elementor-cta__content-item elementor-content-item\">\n\t\t\t\t\t\tVehicle registration\t\t\t\t\t<\/h2>\n\t\t\t\t\n\t\t\t\t\t\t\t\t\t<div class=\"elementor-cta__description elementor-cta__content-item elementor-content-item\">\n\t\t\t\t\t\t<p>Vehicles of all types, both new and imported vehicles.<\/p>\n\t\t\t\t\t<\/div>\n\t\t\t\t\n\t\t\t\t\t\t\t\t\t<div class=\"elementor-cta__button-wrapper elementor-cta__content-item elementor-content-item \">\n\t\t\t\t\t<a class=\"elementor-cta__button elementor-button elementor-size-\" href=\"https:\/\/gestorianm.es\/en\/gestoria-specialized-in-car-registration-and-all-kinds-of-vehicles-in-tenerife\/\">\n\t\t\t\t\t\tMore information\t\t\t\t\t<\/a>\n\t\t\t\t\t<\/div>\n\t\t\t\t\t\t\t<\/div>\n\t\t\t\t\t\t<\/div>\n\t\t\t\t\t\t<\/div>\n\t\t\t\t<\/div>\n\t\t\t\t<div class=\"elementor-element elementor-element-8f61721 elementor-widget__width-initial elementor-cta--skin-classic elementor-animated-content elementor-widget elementor-widget-call-to-action\" data-id=\"8f61721\" data-element_type=\"widget\" data-e-type=\"widget\" data-widget_type=\"call-to-action.default\">\n\t\t\t\t<div class=\"elementor-widget-container\">\n\t\t\t\t\t\t\t<div class=\"elementor-cta\">\n\t\t\t\t\t<div class=\"elementor-cta__bg-wrapper\">\n\t\t\t\t<div class=\"elementor-cta__bg elementor-bg\" style=\"background-image: url(https:\/\/gestorianm.es\/wp-content\/uploads\/2024\/09\/Levantamiento-reserva-dominio-vehiculo-Tenerife-1024x683.webp);\" role=\"img\" aria-label=\"Levantamiento reserva dominio vehiculo Tenerife\"><\/div>\n\t\t\t\t<div class=\"elementor-cta__bg-overlay\"><\/div>\n\t\t\t<\/div>\n\t\t\t\t\t\t\t<div class=\"elementor-cta__content\">\n\t\t\t\t\n\t\t\t\t\t\t\t\t\t<h2 class=\"elementor-cta__title elementor-cta__content-item elementor-content-item\">\n\t\t\t\t\t\tTransfer of vehicles\t\t\t\t\t<\/h2>\n\t\t\t\t\n\t\t\t\t\t\t\t\t\t<div class=\"elementor-cta__description elementor-cta__content-item elementor-content-item\">\n\t\t\t\t\t\t<p>Transfer of ownership, possession reports, lifting of liens and reservation of ownership.<\/p>\n\t\t\t\t\t<\/div>\n\t\t\t\t\n\t\t\t\t\t\t\t\t\t<div class=\"elementor-cta__button-wrapper elementor-cta__content-item elementor-content-item \">\n\t\t\t\t\t<a class=\"elementor-cta__button elementor-button elementor-size-\" href=\"https:\/\/gestorianm.es\/en\/agency-specializing-in-the-transfer-of-vehicles-and-boats-in-tenerife\/\">\n\t\t\t\t\t\tMore information\t\t\t\t\t<\/a>\n\t\t\t\t\t<\/div>\n\t\t\t\t\t\t\t<\/div>\n\t\t\t\t\t\t<\/div>\n\t\t\t\t\t\t<\/div>\n\t\t\t\t<\/div>\n\t\t\t\t\t<\/div>\n\t\t\t\t<\/div>\n\t\t\t\t<\/div>\n\t\t","protected":false},"excerpt":{"rendered":"<p>Tax and accounting consultancy in Tenerife More than 10 years of experience as a tax and accounting consultant and advisor. Degree in Business Administration and Management Master&#8217;s Degree in Business Taxation from Universidad del Atl\u00e1ntico Medio. Contact with us Creation of companies We advise you throughout the process of creating a company, with all the [&hellip;]<\/p>\n","protected":false},"author":1,"featured_media":0,"parent":0,"menu_order":0,"comment_status":"closed","ping_status":"closed","template":"elementor_header_footer","meta":{"footnotes":""},"class_list":["post-420","page","type-page","status-publish","hentry"],"yoast_head":"<!-- This site is optimized with the Yoast SEO plugin v27.5 - https:\/\/yoast.com\/product\/yoast-seo-wordpress\/ -->\n<title>Tax and accounting consultancy in Tenerife - Gestor\u00eda N\u00fa\u00f1ez Mata<\/title>\n<meta name=\"description\" content=\"More than 10 years of experience in Tenerife as a consultant and advisor on tax and accounting matters. Registration of self-employed workers and creation of companies.\" \/>\n<meta name=\"robots\" content=\"index, follow, max-snippet:-1, max-image-preview:large, max-video-preview:-1\" \/>\n<link rel=\"canonical\" href=\"https:\/\/gestorianm.es\/en\/\" \/>\n<meta property=\"og:locale\" content=\"en_US\" \/>\n<meta property=\"og:type\" content=\"article\" \/>\n<meta property=\"og:title\" content=\"Tax and accounting consultancy in Tenerife - Gestor\u00eda N\u00fa\u00f1ez Mata\" \/>\n<meta property=\"og:description\" content=\"More than 10 years of experience in Tenerife as a consultant and advisor on tax and accounting matters. Registration of self-employed workers and creation of companies.\" \/>\n<meta property=\"og:url\" content=\"https:\/\/gestorianm.es\/en\/\" \/>\n<meta property=\"og:site_name\" content=\"Gestor\u00eda N\u00fa\u00f1ez Mata\" \/>\n<meta property=\"article:modified_time\" content=\"2025-02-27T11:07:16+00:00\" \/>\n<meta property=\"og:image\" content=\"https:\/\/gestorianm.es\/wp-content\/uploads\/2024\/09\/gestoria-nunez-mata.jpg\" \/>\n\t<meta property=\"og:image:width\" content=\"1200\" \/>\n\t<meta property=\"og:image:height\" content=\"801\" \/>\n\t<meta property=\"og:image:type\" content=\"image\/jpeg\" \/>\n<meta name=\"twitter:card\" content=\"summary_large_image\" \/>\n<meta name=\"twitter:label1\" content=\"Est. reading time\" \/>\n\t<meta name=\"twitter:data1\" content=\"2 minutes\" \/>\n<script type=\"application\/ld+json\" class=\"yoast-schema-graph\">{\"@context\":\"https:\\\/\\\/schema.org\",\"@graph\":[{\"@type\":\"WebPage\",\"@id\":\"https:\\\/\\\/gestorianm.es\\\/en\\\/\",\"url\":\"https:\\\/\\\/gestorianm.es\\\/en\\\/\",\"name\":\"Tax and accounting consultancy in Tenerife - Gestor\u00eda N\u00fa\u00f1ez Mata\",\"isPartOf\":{\"@id\":\"https:\\\/\\\/gestorianm.es\\\/en\\\/#website\"},\"primaryImageOfPage\":{\"@id\":\"https:\\\/\\\/gestorianm.es\\\/en\\\/#primaryimage\"},\"image\":{\"@id\":\"https:\\\/\\\/gestorianm.es\\\/en\\\/#primaryimage\"},\"thumbnailUrl\":\"https:\\\/\\\/gestorianm.es\\\/wp-content\\\/uploads\\\/2024\\\/09\\\/gestoria-nunez-mata.jpg\",\"datePublished\":\"2024-08-07T10:14:16+00:00\",\"dateModified\":\"2025-02-27T11:07:16+00:00\",\"description\":\"More than 10 years of experience in Tenerife as a consultant and advisor on tax and accounting matters. Registration of self-employed workers and creation of companies.\",\"breadcrumb\":{\"@id\":\"https:\\\/\\\/gestorianm.es\\\/en\\\/#breadcrumb\"},\"inLanguage\":\"en-US\",\"potentialAction\":[{\"@type\":\"ReadAction\",\"target\":[\"https:\\\/\\\/gestorianm.es\\\/en\\\/\"]}]},{\"@type\":\"ImageObject\",\"inLanguage\":\"en-US\",\"@id\":\"https:\\\/\\\/gestorianm.es\\\/en\\\/#primaryimage\",\"url\":\"https:\\\/\\\/gestorianm.es\\\/wp-content\\\/uploads\\\/2024\\\/09\\\/gestoria-nunez-mata.jpg\",\"contentUrl\":\"https:\\\/\\\/gestorianm.es\\\/wp-content\\\/uploads\\\/2024\\\/09\\\/gestoria-nunez-mata.jpg\"},{\"@type\":\"BreadcrumbList\",\"@id\":\"https:\\\/\\\/gestorianm.es\\\/en\\\/#breadcrumb\",\"itemListElement\":[{\"@type\":\"ListItem\",\"position\":1,\"name\":\"Portada\",\"item\":\"https:\\\/\\\/gestorianm.es\\\/en\\\/tax-and-accounting-consultancy-in-tenerife\\\/\"},{\"@type\":\"ListItem\",\"position\":2,\"name\":\"Tax and accounting consultancy in Tenerife\"}]},{\"@type\":\"WebSite\",\"@id\":\"https:\\\/\\\/gestorianm.es\\\/en\\\/#website\",\"url\":\"https:\\\/\\\/gestorianm.es\\\/en\\\/\",\"name\":\"Gestor\u00eda N\u00fa\u00f1ez Mata\",\"description\":\"Gestor\u00eda fiscal y contable en Santa Cruz de Tenerife\",\"publisher\":{\"@id\":\"https:\\\/\\\/gestorianm.es\\\/en\\\/#organization\"},\"potentialAction\":[{\"@type\":\"SearchAction\",\"target\":{\"@type\":\"EntryPoint\",\"urlTemplate\":\"https:\\\/\\\/gestorianm.es\\\/en\\\/?s={search_term_string}\"},\"query-input\":{\"@type\":\"PropertyValueSpecification\",\"valueRequired\":true,\"valueName\":\"search_term_string\"}}],\"inLanguage\":\"en-US\"},{\"@type\":\"Organization\",\"@id\":\"https:\\\/\\\/gestorianm.es\\\/en\\\/#organization\",\"name\":\"Gestor\u00eda N\u00fa\u00f1ez Mata\",\"url\":\"https:\\\/\\\/gestorianm.es\\\/en\\\/\",\"logo\":{\"@type\":\"ImageObject\",\"inLanguage\":\"en-US\",\"@id\":\"https:\\\/\\\/gestorianm.es\\\/en\\\/#\\\/schema\\\/logo\\\/image\\\/\",\"url\":\"https:\\\/\\\/gestorianm.es\\\/wp-content\\\/uploads\\\/2024\\\/08\\\/Favicon-Nunez-Mata.png\",\"contentUrl\":\"https:\\\/\\\/gestorianm.es\\\/wp-content\\\/uploads\\\/2024\\\/08\\\/Favicon-Nunez-Mata.png\",\"width\":512,\"height\":512,\"caption\":\"Gestor\u00eda N\u00fa\u00f1ez Mata\"},\"image\":{\"@id\":\"https:\\\/\\\/gestorianm.es\\\/en\\\/#\\\/schema\\\/logo\\\/image\\\/\"}}]}<\/script>\n<!-- \/ Yoast SEO plugin. -->","yoast_head_json":{"title":"Tax and accounting consultancy in Tenerife - Gestor\u00eda N\u00fa\u00f1ez Mata","description":"More than 10 years of experience in Tenerife as a consultant and advisor on tax and accounting matters. Registration of self-employed workers and creation of companies.","robots":{"index":"index","follow":"follow","max-snippet":"max-snippet:-1","max-image-preview":"max-image-preview:large","max-video-preview":"max-video-preview:-1"},"canonical":"https:\/\/gestorianm.es\/en\/","og_locale":"en_US","og_type":"article","og_title":"Tax and accounting consultancy in Tenerife - Gestor\u00eda N\u00fa\u00f1ez Mata","og_description":"More than 10 years of experience in Tenerife as a consultant and advisor on tax and accounting matters. Registration of self-employed workers and creation of companies.","og_url":"https:\/\/gestorianm.es\/en\/","og_site_name":"Gestor\u00eda N\u00fa\u00f1ez Mata","article_modified_time":"2025-02-27T11:07:16+00:00","og_image":[{"width":1200,"height":801,"url":"https:\/\/gestorianm.es\/wp-content\/uploads\/2024\/09\/gestoria-nunez-mata.jpg","type":"image\/jpeg"}],"twitter_card":"summary_large_image","twitter_misc":{"Est. reading time":"2 minutes"},"schema":{"@context":"https:\/\/schema.org","@graph":[{"@type":"WebPage","@id":"https:\/\/gestorianm.es\/en\/","url":"https:\/\/gestorianm.es\/en\/","name":"Tax and accounting consultancy in Tenerife - Gestor\u00eda N\u00fa\u00f1ez Mata","isPartOf":{"@id":"https:\/\/gestorianm.es\/en\/#website"},"primaryImageOfPage":{"@id":"https:\/\/gestorianm.es\/en\/#primaryimage"},"image":{"@id":"https:\/\/gestorianm.es\/en\/#primaryimage"},"thumbnailUrl":"https:\/\/gestorianm.es\/wp-content\/uploads\/2024\/09\/gestoria-nunez-mata.jpg","datePublished":"2024-08-07T10:14:16+00:00","dateModified":"2025-02-27T11:07:16+00:00","description":"More than 10 years of experience in Tenerife as a consultant and advisor on tax and accounting matters. Registration of self-employed workers and creation of companies.","breadcrumb":{"@id":"https:\/\/gestorianm.es\/en\/#breadcrumb"},"inLanguage":"en-US","potentialAction":[{"@type":"ReadAction","target":["https:\/\/gestorianm.es\/en\/"]}]},{"@type":"ImageObject","inLanguage":"en-US","@id":"https:\/\/gestorianm.es\/en\/#primaryimage","url":"https:\/\/gestorianm.es\/wp-content\/uploads\/2024\/09\/gestoria-nunez-mata.jpg","contentUrl":"https:\/\/gestorianm.es\/wp-content\/uploads\/2024\/09\/gestoria-nunez-mata.jpg"},{"@type":"BreadcrumbList","@id":"https:\/\/gestorianm.es\/en\/#breadcrumb","itemListElement":[{"@type":"ListItem","position":1,"name":"Portada","item":"https:\/\/gestorianm.es\/en\/tax-and-accounting-consultancy-in-tenerife\/"},{"@type":"ListItem","position":2,"name":"Tax and accounting consultancy in Tenerife"}]},{"@type":"WebSite","@id":"https:\/\/gestorianm.es\/en\/#website","url":"https:\/\/gestorianm.es\/en\/","name":"Gestor\u00eda N\u00fa\u00f1ez Mata","description":"Gestor\u00eda fiscal y contable en Santa Cruz de Tenerife","publisher":{"@id":"https:\/\/gestorianm.es\/en\/#organization"},"potentialAction":[{"@type":"SearchAction","target":{"@type":"EntryPoint","urlTemplate":"https:\/\/gestorianm.es\/en\/?s={search_term_string}"},"query-input":{"@type":"PropertyValueSpecification","valueRequired":true,"valueName":"search_term_string"}}],"inLanguage":"en-US"},{"@type":"Organization","@id":"https:\/\/gestorianm.es\/en\/#organization","name":"Gestor\u00eda N\u00fa\u00f1ez Mata","url":"https:\/\/gestorianm.es\/en\/","logo":{"@type":"ImageObject","inLanguage":"en-US","@id":"https:\/\/gestorianm.es\/en\/#\/schema\/logo\/image\/","url":"https:\/\/gestorianm.es\/wp-content\/uploads\/2024\/08\/Favicon-Nunez-Mata.png","contentUrl":"https:\/\/gestorianm.es\/wp-content\/uploads\/2024\/08\/Favicon-Nunez-Mata.png","width":512,"height":512,"caption":"Gestor\u00eda N\u00fa\u00f1ez Mata"},"image":{"@id":"https:\/\/gestorianm.es\/en\/#\/schema\/logo\/image\/"}}]}},"_links":{"self":[{"href":"https:\/\/gestorianm.es\/en\/wp-json\/wp\/v2\/pages\/420","targetHints":{"allow":["GET"]}}],"collection":[{"href":"https:\/\/gestorianm.es\/en\/wp-json\/wp\/v2\/pages"}],"about":[{"href":"https:\/\/gestorianm.es\/en\/wp-json\/wp\/v2\/types\/page"}],"author":[{"embeddable":true,"href":"https:\/\/gestorianm.es\/en\/wp-json\/wp\/v2\/users\/1"}],"replies":[{"embeddable":true,"href":"https:\/\/gestorianm.es\/en\/wp-json\/wp\/v2\/comments?post=420"}],"version-history":[{"count":2,"href":"https:\/\/gestorianm.es\/en\/wp-json\/wp\/v2\/pages\/420\/revisions"}],"predecessor-version":[{"id":485,"href":"https:\/\/gestorianm.es\/en\/wp-json\/wp\/v2\/pages\/420\/revisions\/485"}],"wp:attachment":[{"href":"https:\/\/gestorianm.es\/en\/wp-json\/wp\/v2\/media?parent=420"}],"curies":[{"name":"wp","href":"https:\/\/api.w.org\/{rel}","templated":true}]}}